{"id":946,"date":"2021-09-15T19:12:05","date_gmt":"2021-09-15T23:12:05","guid":{"rendered":"https:\/\/koreoutdoor.com\/associe-en-charge-de-lemballage\/"},"modified":"2023-08-21T16:06:19","modified_gmt":"2023-08-21T20:06:19","slug":"associe-en-charge-de-lemballage","status":"publish","type":"page","link":"https:\/\/koreoutdoor.com\/fr\/associe-en-charge-de-lemballage\/","title":{"rendered":"Pr\u00e9pos\u00e9 \u00e0 l&#8217;Emballage"},"content":{"rendered":"[vc_row type=&#8221;in_container&#8221; full_screen_row_position=&#8221;middle&#8221; column_margin=&#8221;default&#8221; column_direction=&#8221;default&#8221; column_direction_tablet=&#8221;default&#8221; column_direction_phone=&#8221;column_reverse&#8221; scene_position=&#8221;center&#8221; text_color=&#8221;dark&#8221; text_align=&#8221;left&#8221; row_border_radius=&#8221;none&#8221; row_border_radius_applies=&#8221;bg&#8221; overflow=&#8221;visible&#8221; overlay_strength=&#8221;0.3&#8243; gradient_direction=&#8221;left_to_right&#8221; shape_divider_position=&#8221;bottom&#8221; bg_image_animation=&#8221;none&#8221; shape_type=&#8221;&#8221;][vc_column column_padding=&#8221;no-extra-padding&#8221; column_padding_tablet=&#8221;inherit&#8221; column_padding_phone=&#8221;inherit&#8221; column_padding_position=&#8221;all&#8221; column_element_direction_desktop=&#8221;default&#8221; column_element_spacing=&#8221;default&#8221; desktop_text_alignment=&#8221;default&#8221; tablet_text_alignment=&#8221;default&#8221; phone_text_alignment=&#8221;default&#8221; background_color_opacity=&#8221;1&#8243; background_hover_color_opacity=&#8221;1&#8243; column_backdrop_filter=&#8221;none&#8221; column_shadow=&#8221;none&#8221; column_border_radius=&#8221;none&#8221; column_link_target=&#8221;_self&#8221; column_position=&#8221;default&#8221; gradient_direction=&#8221;left_to_right&#8221; overlay_strength=&#8221;0.3&#8243; width=&#8221;7\/12&#8243; tablet_width_inherit=&#8221;default&#8221; animation_type=&#8221;default&#8221; bg_image_animation=&#8221;none&#8221; border_type=&#8221;simple&#8221; column_border_width=&#8221;none&#8221; column_border_color=&#8221;#c9c9c9&#8243; column_border_style=&#8221;dashed&#8221;][vc_column_text]<strong>En quoi consiste le poste de pr\u00e9pos\u00e9 \u00e0 l\u2019Emballage?<\/strong><\/p>\n<p>Vous ferez partie d&#8217;une \u00e9quipe essentielle \u00e0 la production de nos balles de paintball! Les pr\u00e9pos\u00e9s \u00e0 l\u2019Emballage mettront en bo\u00eete le produit fini, op\u00e8reront les machines de production et d\u00e9placeront les palettes pleines et vides vers les zones d\u00e9sign\u00e9es. Les autres t\u00e2ches comprennent :<\/p>\n<ul>\n<li><strong>Transf\u00e9re<\/strong>r les balles de paintball manuellement \u00e0 l\u2019aide d\u2019un ustensile et utiliser un \u00e9quipement pour les compter.<\/li>\n<li><strong>Laver<\/strong> les plateaux sales<\/li>\n<li><strong>Empiler<\/strong> les cartons de produits finis sur des palettes selon la configuration des bo\u00eetes.<\/li>\n<li><strong> Emballer <\/strong>les palettes compl\u00e9t\u00e9es<\/li>\n<li><strong>Assurer<\/strong> la propret\u00e9 de l&#8217;\u00e9quipement, de l\u2019aire de travail, celle du d\u00e9partement et de l&#8217;ensemble de l&#8217;\u00e9tablissement.<\/li>\n<li><strong>Appliquer<\/strong> les m\u00e9thodes et processus de l&#8217;entreprise et veiller \u00e0 leur respect, y compris les proc\u00e9dures de sant\u00e9 et de s\u00e9curit\u00e9.<\/li>\n<li>Toutes autres t\u00e2ches connexes.<\/li>\n<\/ul>\n<p><strong>Pourquoi aimeriez-vous travailler chez Kore Outdoor : <\/strong><\/p>\n<ul>\n<li><strong> Salaire et avantages sociaux :<\/strong> Gagnez un salaire et des avantages sociaux concurrentiels en faisant partie de l&#8217;\u00e9quipe de Kore Outdoor !<\/li>\n<li><strong>Environnement ax\u00e9 sur le travail d\u2019\u00e9quipe :<\/strong> Le travail est beaucoup plus int\u00e9ressant lorsque vous faites partie d&#8217;une \u00e9quipe avec des gens formidables!<\/li>\n<li><strong>Cheminement de carri\u00e8re<\/strong> : Plusieurs de nos postes de premier \u00e9chelon offrent une voie claire vers des postes de direction dans le domaine de la Production, des Op\u00e9rations, de la Maintenance et autres. Voyez o\u00f9 votre aventure Kore Outdoor peut vous mener !<\/li>\n<\/ul>\n<p><strong>Informations sur les quarts de travail :<\/strong><\/p>\n<p>Le poste de pr\u00e9pos\u00e9 \u00e0 l\u2019emballage comprend \u00a0\u00a0des quarts de travail de 12 heures, 3 et 4 jours par semaine.<\/p>\n<p>Nous avons \u00e9galement des horaires de jour et de nuit (incluant des primes pour les nuits).<\/p>\n<p>Pause repas + 2 pauses pay\u00e9es.<\/p>\n<p><strong>De quoi a l\u2019air l\u2019int\u00e9rieur de l\u2019Usine de Production: <\/strong><\/p>\n<ul>\n<li>Nous pla\u00e7ons la s\u00e9curit\u00e9 des employ\u00e9s au premier plan. Vous devrez porter des chaussures de s\u00e9curit\u00e9 et tout autre EPI pertinent.<\/li>\n<li>Le code vestimentaire est d\u00e9contract\u00e9 et Kore Outdoor offre des v\u00eatements de travail au cours de votre premi\u00e8re semaine.<\/li>\n<li>Vous travaillerez dans un tel milieu et manipulerez des machines d&#8217;emballage qui pr\u00e9parent nos magnifiques produits pour l&#8217;exp\u00e9dition.<\/li>\n<li>Vous serez actif pendant toute la dur\u00e9e de votre quart de travail. Votre t\u00e2che n\u00e9cessitera de demeurer au m\u00eame endroit dans la salle des machines et \u00e0 op\u00e9rer des machines pendant de longues heures en position debout.<\/li>\n<li>Nous surveillons la temp\u00e9rature et l&#8217;humidit\u00e9 pour pr\u00e9server la qualit\u00e9 du produit. La temp\u00e9rature de l\u2019Usine<strong> de Production <\/strong>est maintenue \u00e0 environ 20\u00b0C. Ce qui est id\u00e9al pour porter des t-shirts ou des manches longues.<\/li>\n<\/ul>\n<p><strong>Il vous sera \u00e9galement demand\u00e9 : <\/strong><\/p>\n<ul>\n<li>Travailler avec un minimum de supervision<\/li>\n<li>D\u2019\u00eatre polyvalent et savoir g\u00e9rer les priorit\u00e9s<\/li>\n<li>D\u2019avoir l\u2019habilet\u00e9 de g\u00e9rer son temps.<\/li>\n<li>De travailler en position debout pendant 12 heures<\/li>\n<\/ul>\n<p><strong>Avantages sociaux :<\/strong><\/p>\n<p>En plus de cr\u00e9er des produits impressionnants avec des gens formidables, Kore Outdoor offre des avantages sociaux comp\u00e9titifs qui soutiennent les employ\u00e9s et leurs familles.<\/p>\n<ul>\n<li>Augmentations li\u00e9es au rendement au cours de la premi\u00e8re ann\u00e9e d&#8217;emploi<\/li>\n<li><strong>Prime <\/strong>d&#8217;assiduit\u00e9<\/li>\n<li><strong>Prime<\/strong> de r\u00e9f\u00e9rencement<\/li>\n<li>Assurance maladie compl\u00e9mentaire, dentaire et assurance vie<\/li>\n<li>Programme enregistr\u00e9 d&#8217;\u00e9pargne-retraite (REER)<\/li>\n<li>Programme d&#8217;assistance aux employ\u00e9s<\/li>\n<li>Programme de participation aux b\u00e9n\u00e9fices<\/li>\n<li>Cong\u00e9 pay\u00e9<\/li>\n<li>Tenue d\u00e9contract\u00e9e<\/li>\n<li>Stationnement sur place<\/li>\n<\/ul>\n[\/vc_column_text][\/vc_column][vc_column column_padding=&#8221;no-extra-padding&#8221; column_padding_tablet=&#8221;inherit&#8221; column_padding_phone=&#8221;inherit&#8221; column_padding_position=&#8221;all&#8221; column_element_direction_desktop=&#8221;default&#8221; column_element_spacing=&#8221;default&#8221; desktop_text_alignment=&#8221;default&#8221; tablet_text_alignment=&#8221;default&#8221; phone_text_alignment=&#8221;default&#8221; background_color_opacity=&#8221;1&#8243; background_hover_color_opacity=&#8221;1&#8243; column_backdrop_filter=&#8221;none&#8221; column_shadow=&#8221;none&#8221; column_border_radius=&#8221;none&#8221; column_link_target=&#8221;_self&#8221; column_position=&#8221;default&#8221; gradient_direction=&#8221;left_to_right&#8221; overlay_strength=&#8221;0.3&#8243; width=&#8221;1\/12&#8243; tablet_width_inherit=&#8221;default&#8221; animation_type=&#8221;default&#8221; bg_image_animation=&#8221;none&#8221; border_type=&#8221;simple&#8221; column_border_width=&#8221;none&#8221; column_border_style=&#8221;solid&#8221;][\/vc_column][vc_column column_padding=&#8221;no-extra-padding&#8221; column_padding_tablet=&#8221;inherit&#8221; column_padding_phone=&#8221;inherit&#8221; column_padding_position=&#8221;all&#8221; column_element_direction_desktop=&#8221;default&#8221; column_element_spacing=&#8221;default&#8221; desktop_text_alignment=&#8221;default&#8221; tablet_text_alignment=&#8221;default&#8221; phone_text_alignment=&#8221;default&#8221; background_color_opacity=&#8221;1&#8243; background_hover_color_opacity=&#8221;1&#8243; column_backdrop_filter=&#8221;none&#8221; column_shadow=&#8221;none&#8221; column_border_radius=&#8221;none&#8221; column_link_target=&#8221;_self&#8221; column_position=&#8221;default&#8221; gradient_direction=&#8221;left_to_right&#8221; overlay_strength=&#8221;0.3&#8243; width=&#8221;4\/12&#8243; tablet_width_inherit=&#8221;default&#8221; animation_type=&#8221;default&#8221; bg_image_animation=&#8221;none&#8221; border_type=&#8221;simple&#8221; column_border_width=&#8221;none&#8221; column_border_style=&#8221;solid&#8221;][nectar_btn size=&#8221;jumbo&#8221; button_style=&#8221;regular-tilt&#8221; button_color=&#8221;Accent-Color&#8221; color_override=&#8221;#d40000&#8243; icon_family=&#8221;none&#8221; text=&#8221;Postulez maintenant&#8221; url=&#8221;https:\/\/koreoutdoor.com\/job-application-packaging-associate\/&#8221; margin_right=&#8221;100&#8243;][nectar_btn size=&#8221;jumbo&#8221; button_style=&#8221;regular-tilt&#8221; button_color=&#8221;Accent-Color&#8221; color_override=&#8221;#266eeb&#8221; icon_family=&#8221;none&#8221; text=&#8221;Postulez avec Indeed&#8221; url=&#8221;https:\/\/ca.indeed.com\/cmp\/Kore-Outdoor\/jobs?jk=db9e78f65ef51ee7&amp;start=0&#8243;][nectar_btn size=&#8221;jumbo&#8221; button_style=&#8221;regular-tilt&#8221; button_color=&#8221;Accent-Color&#8221; color_override=&#8221;#00874a&#8221; icon_family=&#8221;none&#8221; text=&#8221;Postulez via Jobilico&#8221; url=&#8221;https:\/\/www.jobillico.com\/en\/job-opportunity\/kore-outdoor\/packager\/7781875&#8243;][\/vc_column][\/vc_row]\n","protected":false},"excerpt":{"rendered":"<p>[vc_row type=&#8221;in_container&#8221; full_screen_row_position=&#8221;middle&#8221; column_margin=&#8221;default&#8221; column_direction=&#8221;default&#8221; column_direction_tablet=&#8221;default&#8221; column_direction_phone=&#8221;column_reverse&#8221; scene_position=&#8221;center&#8221; text_color=&#8221;dark&#8221; text_align=&#8221;left&#8221; row_border_radius=&#8221;none&#8221; row_border_radius_applies=&#8221;bg&#8221; overflow=&#8221;visible&#8221; overlay_strength=&#8221;0.3&#8243; gradient_direction=&#8221;left_to_right&#8221; shape_divider_position=&#8221;bottom&#8221; bg_image_animation=&#8221;none&#8221; shape_type=&#8221;&#8221;][vc_column column_padding=&#8221;no-extra-padding&#8221; column_padding_tablet=&#8221;inherit&#8221; column_padding_phone=&#8221;inherit&#8221; column_padding_position=&#8221;all&#8221; column_element_direction_desktop=&#8221;default&#8221; column_element_spacing=&#8221;default&#8221; desktop_text_alignment=&#8221;default&#8221; tablet_text_alignment=&#8221;default&#8221; phone_text_alignment=&#8221;default&#8221; background_color_opacity=&#8221;1&#8243; background_hover_color_opacity=&#8221;1&#8243; column_backdrop_filter=&#8221;none&#8221;&#8230;<\/p>\n","protected":false},"author":1,"featured_media":0,"parent":0,"menu_order":0,"comment_status":"closed","ping_status":"closed","template":"","meta":{"footnotes":""},"class_list":["post-946","page","type-page","status-publish"],"yoast_head":"<!-- This site is optimized with the Yoast SEO plugin v27.0 - https:\/\/yoast.com\/product\/yoast-seo-wordpress\/ -->\n<title>Pr\u00e9pos\u00e9 \u00e0 l&#039;Emballage - Kore Outdoor<\/title>\n<meta name=\"robots\" content=\"index, follow, max-snippet:-1, max-image-preview:large, max-video-preview:-1\" \/>\n<link rel=\"canonical\" href=\"https:\/\/koreoutdoor.com\/fr\/associe-en-charge-de-lemballage\/\" \/>\n<meta property=\"og:locale\" content=\"fr_FR\" \/>\n<meta property=\"og:type\" content=\"article\" \/>\n<meta property=\"og:title\" content=\"Pr\u00e9pos\u00e9 \u00e0 l&#039;Emballage - Kore Outdoor\" \/>\n<meta property=\"og:description\" content=\"[vc_row type=&#8221;in_container&#8221; full_screen_row_position=&#8221;middle&#8221; column_margin=&#8221;default&#8221; column_direction=&#8221;default&#8221; column_direction_tablet=&#8221;default&#8221; column_direction_phone=&#8221;column_reverse&#8221; scene_position=&#8221;center&#8221; text_color=&#8221;dark&#8221; text_align=&#8221;left&#8221; row_border_radius=&#8221;none&#8221; row_border_radius_applies=&#8221;bg&#8221; overflow=&#8221;visible&#8221; overlay_strength=&#8221;0.3&#8243; gradient_direction=&#8221;left_to_right&#8221; shape_divider_position=&#8221;bottom&#8221; bg_image_animation=&#8221;none&#8221; shape_type=&#8221;&#8221;][vc_column column_padding=&#8221;no-extra-padding&#8221; column_padding_tablet=&#8221;inherit&#8221; column_padding_phone=&#8221;inherit&#8221; column_padding_position=&#8221;all&#8221; column_element_direction_desktop=&#8221;default&#8221; column_element_spacing=&#8221;default&#8221; desktop_text_alignment=&#8221;default&#8221; tablet_text_alignment=&#8221;default&#8221; phone_text_alignment=&#8221;default&#8221; background_color_opacity=&#8221;1&#8243; background_hover_color_opacity=&#8221;1&#8243; column_backdrop_filter=&#8221;none&#8221;...\" \/>\n<meta property=\"og:url\" content=\"https:\/\/koreoutdoor.com\/fr\/associe-en-charge-de-lemballage\/\" \/>\n<meta property=\"og:site_name\" content=\"Kore Outdoor\" \/>\n<meta property=\"article:modified_time\" content=\"2023-08-21T20:06:19+00:00\" \/>\n<meta name=\"twitter:card\" content=\"summary_large_image\" \/>\n<meta name=\"twitter:label1\" content=\"Dur\u00e9e de lecture estim\u00e9e\" \/>\n\t<meta name=\"twitter:data1\" content=\"3 minutes\" \/>\n<script type=\"application\/ld+json\" class=\"yoast-schema-graph\">{\"@context\":\"https:\/\/schema.org\",\"@graph\":[{\"@type\":\"WebPage\",\"@id\":\"https:\/\/koreoutdoor.com\/fr\/associe-en-charge-de-lemballage\/\",\"url\":\"https:\/\/koreoutdoor.com\/fr\/associe-en-charge-de-lemballage\/\",\"name\":\"Pr\u00e9pos\u00e9 \u00e0 l'Emballage - Kore Outdoor\",\"isPartOf\":{\"@id\":\"https:\/\/koreoutdoor.com\/fr\/#website\"},\"datePublished\":\"2021-09-15T23:12:05+00:00\",\"dateModified\":\"2023-08-21T20:06:19+00:00\",\"breadcrumb\":{\"@id\":\"https:\/\/koreoutdoor.com\/fr\/associe-en-charge-de-lemballage\/#breadcrumb\"},\"inLanguage\":\"fr-FR\",\"potentialAction\":[{\"@type\":\"ReadAction\",\"target\":[\"https:\/\/koreoutdoor.com\/fr\/associe-en-charge-de-lemballage\/\"]}]},{\"@type\":\"BreadcrumbList\",\"@id\":\"https:\/\/koreoutdoor.com\/fr\/associe-en-charge-de-lemballage\/#breadcrumb\",\"itemListElement\":[{\"@type\":\"ListItem\",\"position\":1,\"name\":\"Home\",\"item\":\"https:\/\/koreoutdoor.com\/fr\/\"},{\"@type\":\"ListItem\",\"position\":2,\"name\":\"Pr\u00e9pos\u00e9 \u00e0 l&#8217;Emballage\"}]},{\"@type\":\"WebSite\",\"@id\":\"https:\/\/koreoutdoor.com\/fr\/#website\",\"url\":\"https:\/\/koreoutdoor.com\/fr\/\",\"name\":\"Kore Outdoor\",\"description\":\"Global Leader in manufacturing\",\"potentialAction\":[{\"@type\":\"SearchAction\",\"target\":{\"@type\":\"EntryPoint\",\"urlTemplate\":\"https:\/\/koreoutdoor.com\/fr\/?s={search_term_string}\"},\"query-input\":{\"@type\":\"PropertyValueSpecification\",\"valueRequired\":true,\"valueName\":\"search_term_string\"}}],\"inLanguage\":\"fr-FR\"}]}<\/script>\n<!-- \/ Yoast SEO plugin. -->","yoast_head_json":{"title":"Pr\u00e9pos\u00e9 \u00e0 l'Emballage - Kore Outdoor","robots":{"index":"index","follow":"follow","max-snippet":"max-snippet:-1","max-image-preview":"max-image-preview:large","max-video-preview":"max-video-preview:-1"},"canonical":"https:\/\/koreoutdoor.com\/fr\/associe-en-charge-de-lemballage\/","og_locale":"fr_FR","og_type":"article","og_title":"Pr\u00e9pos\u00e9 \u00e0 l'Emballage - Kore Outdoor","og_description":"[vc_row type=&#8221;in_container&#8221; full_screen_row_position=&#8221;middle&#8221; column_margin=&#8221;default&#8221; column_direction=&#8221;default&#8221; column_direction_tablet=&#8221;default&#8221; column_direction_phone=&#8221;column_reverse&#8221; scene_position=&#8221;center&#8221; text_color=&#8221;dark&#8221; text_align=&#8221;left&#8221; row_border_radius=&#8221;none&#8221; row_border_radius_applies=&#8221;bg&#8221; overflow=&#8221;visible&#8221; overlay_strength=&#8221;0.3&#8243; gradient_direction=&#8221;left_to_right&#8221; shape_divider_position=&#8221;bottom&#8221; bg_image_animation=&#8221;none&#8221; shape_type=&#8221;&#8221;][vc_column column_padding=&#8221;no-extra-padding&#8221; column_padding_tablet=&#8221;inherit&#8221; column_padding_phone=&#8221;inherit&#8221; column_padding_position=&#8221;all&#8221; column_element_direction_desktop=&#8221;default&#8221; column_element_spacing=&#8221;default&#8221; desktop_text_alignment=&#8221;default&#8221; tablet_text_alignment=&#8221;default&#8221; phone_text_alignment=&#8221;default&#8221; background_color_opacity=&#8221;1&#8243; background_hover_color_opacity=&#8221;1&#8243; column_backdrop_filter=&#8221;none&#8221;...","og_url":"https:\/\/koreoutdoor.com\/fr\/associe-en-charge-de-lemballage\/","og_site_name":"Kore Outdoor","article_modified_time":"2023-08-21T20:06:19+00:00","twitter_card":"summary_large_image","twitter_misc":{"Dur\u00e9e de lecture estim\u00e9e":"3 minutes"},"schema":{"@context":"https:\/\/schema.org","@graph":[{"@type":"WebPage","@id":"https:\/\/koreoutdoor.com\/fr\/associe-en-charge-de-lemballage\/","url":"https:\/\/koreoutdoor.com\/fr\/associe-en-charge-de-lemballage\/","name":"Pr\u00e9pos\u00e9 \u00e0 l'Emballage - Kore Outdoor","isPartOf":{"@id":"https:\/\/koreoutdoor.com\/fr\/#website"},"datePublished":"2021-09-15T23:12:05+00:00","dateModified":"2023-08-21T20:06:19+00:00","breadcrumb":{"@id":"https:\/\/koreoutdoor.com\/fr\/associe-en-charge-de-lemballage\/#breadcrumb"},"inLanguage":"fr-FR","potentialAction":[{"@type":"ReadAction","target":["https:\/\/koreoutdoor.com\/fr\/associe-en-charge-de-lemballage\/"]}]},{"@type":"BreadcrumbList","@id":"https:\/\/koreoutdoor.com\/fr\/associe-en-charge-de-lemballage\/#breadcrumb","itemListElement":[{"@type":"ListItem","position":1,"name":"Home","item":"https:\/\/koreoutdoor.com\/fr\/"},{"@type":"ListItem","position":2,"name":"Pr\u00e9pos\u00e9 \u00e0 l&#8217;Emballage"}]},{"@type":"WebSite","@id":"https:\/\/koreoutdoor.com\/fr\/#website","url":"https:\/\/koreoutdoor.com\/fr\/","name":"Kore Outdoor","description":"Global Leader in manufacturing","potentialAction":[{"@type":"SearchAction","target":{"@type":"EntryPoint","urlTemplate":"https:\/\/koreoutdoor.com\/fr\/?s={search_term_string}"},"query-input":{"@type":"PropertyValueSpecification","valueRequired":true,"valueName":"search_term_string"}}],"inLanguage":"fr-FR"}]}},"_links":{"self":[{"href":"https:\/\/koreoutdoor.com\/fr\/wp-json\/wp\/v2\/pages\/946","targetHints":{"allow":["GET"]}}],"collection":[{"href":"https:\/\/koreoutdoor.com\/fr\/wp-json\/wp\/v2\/pages"}],"about":[{"href":"https:\/\/koreoutdoor.com\/fr\/wp-json\/wp\/v2\/types\/page"}],"author":[{"embeddable":true,"href":"https:\/\/koreoutdoor.com\/fr\/wp-json\/wp\/v2\/users\/1"}],"replies":[{"embeddable":true,"href":"https:\/\/koreoutdoor.com\/fr\/wp-json\/wp\/v2\/comments?post=946"}],"version-history":[{"count":0,"href":"https:\/\/koreoutdoor.com\/fr\/wp-json\/wp\/v2\/pages\/946\/revisions"}],"wp:attachment":[{"href":"https:\/\/koreoutdoor.com\/fr\/wp-json\/wp\/v2\/media?parent=946"}],"curies":[{"name":"wp","href":"https:\/\/api.w.org\/{rel}","templated":true}]}}